{"id":8104,"date":"2025-12-04T13:24:54","date_gmt":"2025-12-04T12:24:54","guid":{"rendered":"https:\/\/skolkalender.se\/savar\/?post_type=tribe_events&#038;p=8104"},"modified":"2025-12-04T13:24:54","modified_gmt":"2025-12-04T12:24:54","slug":"forhor-i-par-pa-ordklasser","status":"publish","type":"tribe_events","link":"https:\/\/skolkalender.se\/savar\/handelse\/forhor-i-par-pa-ordklasser\/","title":{"rendered":"F\u00f6rh\u00f6r i par p\u00e5 ordklasser"},"content":{"rendered":"<p>Tillsammans med din axelkompis f\u00e5r ni visa att ni h\u00e4ngt med och har kunskaper om de ordklasser vi jobbat med dessa veckor. Se Classroom f\u00f6r information om vilka ordklasser som \u00e4r med.<\/p>\n","protected":false},"excerpt":{"rendered":"<p>Tillsammans med din axelkompis f\u00e5r ni visa att ni h\u00e4ngt med och har kunskaper om de ordklasser vi jobbat med dessa veckor. Se Classroom f\u00f6r information om vilka&hellip;<\/p>\n","protected":false},"author":165,"featured_media":0,"comment_status":"closed","ping_status":"closed","template":"","meta":{"advgb_blocks_editor_width":"","advgb_blocks_columns_visual_guide":"","footnotes":""},"tags":[54,61],"tribe_events_cat":[20],"class_list":["post-8104","tribe_events","type-tribe_events","status-publish","has-post-thumbnail","hentry","tag-prov","tag-svenska","tribe_events_cat-7a","cat_7a"],"acf":[],"featured_img":false,"coauthors":[],"author_meta":{"author_link":"https:\/\/skolkalender.se\/savar\/author\/hannaalmqvist\/","display_name":"hannaalmqvist"},"relative_dates":{"created":"Posted 5 m\u00e5nader ago","modified":"Updated 5 m\u00e5nader ago"},"absolute_dates":{"created":"Posted on 4 december, 2025","modified":"Updated on 4 december, 2025"},"absolute_dates_time":{"created":"Posted on 4 december, 2025 13:24","modified":"Updated on 4 december, 2025 13:24"},"featured_img_caption":"","tax_additional":{"post_tag":{"linked":["<a href=\"https:\/\/skolkalender.se\/savar\/tag\/prov\/\" class=\"advgb-post-tax-term\">Prov<\/a>","<a href=\"https:\/\/skolkalender.se\/savar\/tag\/svenska\/\" class=\"advgb-post-tax-term\">Svenska<\/a>"],"unlinked":["<span class=\"advgb-post-tax-term\">Prov<\/span>","<span class=\"advgb-post-tax-term\">Svenska<\/span>"],"slug":"post_tag","name":"Etiketter"},"tribe_events_cat":{"linked":["<a href=\"https:\/\/skolkalender.se\/savar\/handelser\/category\/7a\/\" class=\"advgb-post-tax-term\">7A<\/a>"],"unlinked":["<span class=\"advgb-post-tax-term\">7A<\/span>"],"slug":"tribe_events_cat","name":"H\u00e4ndelse Categories"}},"_links":{"self":[{"href":"https:\/\/skolkalender.se\/savar\/wp-json\/wp\/v2\/tribe_events\/8104","targetHints":{"allow":["GET"]}}],"collection":[{"href":"https:\/\/skolkalender.se\/savar\/wp-json\/wp\/v2\/tribe_events"}],"about":[{"href":"https:\/\/skolkalender.se\/savar\/wp-json\/wp\/v2\/types\/tribe_events"}],"author":[{"embeddable":true,"href":"https:\/\/skolkalender.se\/savar\/wp-json\/wp\/v2\/users\/165"}],"replies":[{"embeddable":true,"href":"https:\/\/skolkalender.se\/savar\/wp-json\/wp\/v2\/comments?post=8104"}],"version-history":[{"count":1,"href":"https:\/\/skolkalender.se\/savar\/wp-json\/wp\/v2\/tribe_events\/8104\/revisions"}],"predecessor-version":[{"id":8105,"href":"https:\/\/skolkalender.se\/savar\/wp-json\/wp\/v2\/tribe_events\/8104\/revisions\/8105"}],"wp:attachment":[{"href":"https:\/\/skolkalender.se\/savar\/wp-json\/wp\/v2\/media?parent=8104"}],"wp:term":[{"taxonomy":"post_tag","embeddable":true,"href":"https:\/\/skolkalender.se\/savar\/wp-json\/wp\/v2\/tags?post=8104"},{"taxonomy":"tribe_events_cat","embeddable":true,"href":"https:\/\/skolkalender.se\/savar\/wp-json\/wp\/v2\/tribe_events_cat?post=8104"}],"curies":[{"name":"wp","href":"https:\/\/api.w.org\/{rel}","templated":true}]}}